{"id":2386,"date":"2025-03-01T09:10:43","date_gmt":"2025-03-01T09:10:43","guid":{"rendered":"https:\/\/campinglafradera.com\/privacy-policy\/"},"modified":"2025-03-01T09:10:43","modified_gmt":"2025-03-01T09:10:43","slug":"privacy-policy","status":"publish","type":"page","link":"https:\/\/campinglafradera.com\/en\/privacy-policy\/","title":{"rendered":"Privacy Policy"},"content":{"rendered":"\t\t<div data-elementor-type=\"wp-page\" data-elementor-id=\"2386\" class=\"elementor elementor-2386 elementor-3\" data-elementor-post-type=\"page\">\n\t\t\t\t<div class=\"elementor-element elementor-element-9c02581 e-flex e-con-boxed e-con e-parent\" data-id=\"9c02581\" data-element_type=\"container\" data-e-type=\"container\" data-settings=\"{&quot;background_background&quot;:&quot;classic&quot;}\">\n\t\t\t\t\t<div class=\"e-con-inner\">\n\t\t\t\t<div class=\"elementor-element elementor-element-ec4251b elementor-widget elementor-widget-heading\" data-id=\"ec4251b\" data-element_type=\"widget\" data-e-type=\"widget\" data-widget_type=\"heading.default\">\n\t\t\t\t<div class=\"elementor-widget-container\">\n\t\t\t\t\t<h1 class=\"elementor-heading-title elementor-size-default\">Pol\u00edtica de Privacitat<\/h1>\t\t\t\t<\/div>\n\t\t\t\t<\/div>\n\t\t\t\t<div class=\"elementor-element elementor-element-6287702 elementor-widget elementor-widget-heading\" data-id=\"6287702\" data-element_type=\"widget\" data-e-type=\"widget\" data-widget_type=\"heading.default\">\n\t\t\t\t<div class=\"elementor-widget-container\">\n\t\t\t\t\t<h5 class=\"elementor-heading-title elementor-size-default\">GAUDEIX L'EMPORD\u00c0<\/h5>\t\t\t\t<\/div>\n\t\t\t\t<\/div>\n\t\t\t\t\t<\/div>\n\t\t\t\t<\/div>\n\t\t<div class=\"elementor-element elementor-element-988fa32 e-flex e-con-boxed e-con e-parent\" data-id=\"988fa32\" data-element_type=\"container\" data-e-type=\"container\">\n\t\t\t\t\t<div class=\"e-con-inner\">\n\t\t\t\t<div class=\"elementor-element elementor-element-69712dd3 elementor-widget elementor-widget-heading\" data-id=\"69712dd3\" data-element_type=\"widget\" data-e-type=\"widget\" data-widget_type=\"heading.default\">\n\t\t\t\t<div class=\"elementor-widget-container\">\n\t\t\t\t\t<h2 class=\"elementor-heading-title elementor-size-default\">Pol\u00edtica de Privacitat<\/h2>\t\t\t\t<\/div>\n\t\t\t\t<\/div>\n\t\t\t\t<div class=\"elementor-element elementor-element-40ddd29 elementor-widget elementor-widget-text-editor\" data-id=\"40ddd29\" data-element_type=\"widget\" data-e-type=\"widget\" data-widget_type=\"text-editor.default\">\n\t\t\t\t<div class=\"elementor-widget-container\">\n\t\t\t\t\t\t\t\t\t<p>\u00a0<strong>1. Responsable del tractament de dades<\/strong><\/p>\n<p>El responsable del tractament de les dades recollides \u00e9s <strong>LLISACAN S.L.,<\/strong> amb domicili a <strong>CARRETERA GI-511 KM 6,7 SANT LLOREN\u00c7 DE LA MUGA 17732<\/strong>, Alt Empord\u00e0, Espanya. Per a qualsevol consulta relacionada amb la protecci\u00f3 de dades, pots contactar-nos a trav\u00e9s del correu electr\u00f2nic <strong>lafradera@campinglafradera.com<\/strong>.<\/p>\n<p><strong>2. Tipologia de dades recollides<\/strong><br \/>Recollim i tractem les seg\u00fcents dades personals:<\/p>\n<ul>\n<li>Nom, cognoms i informaci\u00f3 de contacte (correu electr\u00f2nic, tel\u00e8fon):\u00a0<\/li>\n<li>Dades de facturaci\u00f3 (NIF\/CIF, adre\u00e7a)\u00a0<\/li>\n<li>Dades relacionades amb les reserves (dates d\u2019estada, nombre de persones, prefer\u00e8ncies).<\/li>\n<li>Dades de navegaci\u00f3 al nostre lloc web (adre\u00e7a IP, cookies, prefer\u00e8ncies).<\/li>\n<\/ul>\n<p><strong>3. Finalitat del tractament<\/strong><br \/>Utilitzem les teves dades per a les seg\u00fcents finalitats:<\/p>\n<ul>\n<li>Gestionar reserves i serveis contractats al c\u00e0mping.<\/li>\n<li>Enviar comunicacions informatives i promocionals amb el teu consentiment.<\/li>\n<li>Millorar la teva experi\u00e8ncia al nostre lloc web mitjan\u00e7ant cookies.<\/li>\n<li>Complir amb obligacions legals i fiscals.<\/li>\n<\/ul>\n<p><strong>4. Legitimaci\u00f3<\/strong><br \/>El tractament de les dades es basa en:<\/p>\n<ul>\n<li>La necessitat de gestionar i executar la teva reserva.<\/li>\n<li>El teu consentiment per a l\u2019enviament de comunicacions comercials.<\/li>\n<li>Compliment d\u2019obligacions legals aplicables.<\/li>\n<\/ul>\n<p><strong>5. Compartici\u00f3 de dades<\/strong><br \/>No compartirem les teves dades personals amb tercers, excepte en els seg\u00fcents casos:<\/p>\n<ul>\n<li>Obligacions legals (administraci\u00f3 p\u00fablica, autoritats fiscals, etc.).<\/li>\n<li>Prove\u00efdors de serveis que actuen en nom nostre i sota contractes de confidencialitat.<\/li>\n<\/ul>\n<p><strong>6. Conservaci\u00f3 de les dades<\/strong><br \/>Conservarem les teves dades durant el temps necessari per complir amb la finalitat per la qual van ser recollides i per complir amb les obligacions legals aplicables.<\/p>\n<p><strong>7. Els teus drets<\/strong><br \/>Com a usuari tens dret a:<\/p>\n<ul>\n<li>Accedir a les teves dades personals.<\/li>\n<li>Rectificar dades incorrectes o incompletes.<\/li>\n<li>Sol\u00b7licitar la supressi\u00f3 de les teves dades quan no siguin necess\u00e0ries per a les finalitats inicials.<\/li>\n<li>Limitar o oposar-te al tractament de les teves dades.<\/li>\n<li>Sol\u00b7licitar la portabilitat de les teves dades.<\/li>\n<\/ul>\n<p>Per exercir els teus drets, pots contactar-nos a <strong>lafradera@campinglafradera.com<\/strong>. Tamb\u00e9 tens dret a presentar una reclamaci\u00f3 davant l\u2019Ag\u00e8ncia Espanyola de Protecci\u00f3 de Dades (<a href=\"http:\/\/www.aepd.es\/\" target=\"_blank\" rel=\"noopener\">www.aepd.es<\/a>) si consideres que no hem tractat les teves dades adequadament.<\/p>\n<p><strong>8. Galetes i dades de navegaci\u00f3<\/strong><br \/>El nostre lloc web utilitza galetes per oferir una millor experi\u00e8ncia d&#8217;usuari. Pots gestionar les prefer\u00e8ncies de galetes des del teu navegador o configurador del lloc web. Per a m\u00e9s informaci\u00f3, consulta la nostra <a href=\"https:\/\/campinglafradera.com\/politica-de-galetes\/\" target=\"_blank\" rel=\"noopener\">Pol\u00edtica de Galetes<\/a>.<\/p>\n<p><strong>9. Actualitzacions de la pol\u00edtica de privacitat<\/strong><br \/>Ens reservem el dret de modificar aquesta pol\u00edtica per adaptar-nos a canvis legals o millorar els nostres serveis. Qualsevol actualitzaci\u00f3 ser\u00e0 publicada al nostre lloc web i estar\u00e0 a la teva disposici\u00f3.<\/p>\n\t\t\t\t\t\t\t\t<\/div>\n\t\t\t\t<\/div>\n\t\t\t\t\t<\/div>\n\t\t\t\t<\/div>\n\t\t\t\t<\/div>\n\t\t","protected":false},"excerpt":{"rendered":"<p>Pol\u00edtica de Privacitat GAUDEIX L&#8217;EMPORD\u00c0 Pol\u00edtica de Privacitat \u00a01. Responsable del tractament de dades El responsable del tractament de les dades recollides \u00e9s LLISACAN S.L., amb domicili a CARRETERA GI-511 KM 6,7 SANT LLOREN\u00c7 DE LA MUGA 17732, Alt Empord\u00e0, Espanya. Per a qualsevol consulta relacionada amb la protecci\u00f3 de dades, pots contactar-nos a trav\u00e9s [&hellip;]<\/p>\n","protected":false},"author":1,"featured_media":0,"parent":0,"menu_order":0,"comment_status":"closed","ping_status":"closed","template":"","meta":{"footnotes":""},"class_list":["post-2386","page","type-page","status-publish","hentry"],"jetpack_sharing_enabled":true,"_links":{"self":[{"href":"https:\/\/campinglafradera.com\/en\/wp-json\/wp\/v2\/pages\/2386","targetHints":{"allow":["GET"]}}],"collection":[{"href":"https:\/\/campinglafradera.com\/en\/wp-json\/wp\/v2\/pages"}],"about":[{"href":"https:\/\/campinglafradera.com\/en\/wp-json\/wp\/v2\/types\/page"}],"author":[{"embeddable":true,"href":"https:\/\/campinglafradera.com\/en\/wp-json\/wp\/v2\/users\/1"}],"replies":[{"embeddable":true,"href":"https:\/\/campinglafradera.com\/en\/wp-json\/wp\/v2\/comments?post=2386"}],"version-history":[{"count":2,"href":"https:\/\/campinglafradera.com\/en\/wp-json\/wp\/v2\/pages\/2386\/revisions"}],"predecessor-version":[{"id":2388,"href":"https:\/\/campinglafradera.com\/en\/wp-json\/wp\/v2\/pages\/2386\/revisions\/2388"}],"wp:attachment":[{"href":"https:\/\/campinglafradera.com\/en\/wp-json\/wp\/v2\/media?parent=2386"}],"curies":[{"name":"wp","href":"https:\/\/api.w.org\/{rel}","templated":true}]}}